{"id":10071,"date":"2025-02-04T21:14:07","date_gmt":"2025-02-04T21:14:07","guid":{"rendered":"https:\/\/edimeinter.com\/libreria\/?post_type=product&#038;p=10071"},"modified":"2025-03-09T20:37:15","modified_gmt":"2025-03-09T20:37:15","slug":"avery-enfermedades-del-recien-nacido-11a-edicion","status":"publish","type":"product","link":"https:\/\/edimeinter.com\/libreria\/product\/avery-enfermedades-del-recien-nacido-11a-edicion\/","title":{"rendered":"Avery. Enfermedades del reci\u00e9n nacido. 11\u00aa Edici\u00f3n"},"content":{"rendered":"\t\t<div data-elementor-type=\"wp-post\" data-elementor-id=\"10071\" class=\"elementor elementor-10071\">\n\t\t\t\t<div class=\"elementor-element elementor-element-2612b12 e-flex e-con-boxed e-con e-parent\" data-id=\"2612b12\" data-element_type=\"container\" data-e-type=\"container\">\n\t\t\t\t\t<div class=\"e-con-inner\">\n\t\t\n\t\t<div class=\"elementor-element elementor-element-498707ae elementor-widget elementor-widget-text-editor\" data-id=\"498707ae\" data-element_type=\"widget\" data-e-type=\"widget\" data-widget_type=\"text-editor.default\">\n\t\t\t\t<div class=\"elementor-widget-container\">\n\t\t\t\t\t\t\t\t\t<p>Avery. Enfermedades del reci\u00e9n nacido, 11.\u00aa edici\u00f3n, sigue siendo la obra de referencia para la evaluaci\u00f3n, el diagn\u00f3stico y el tratamiento de las enfermedades del reci\u00e9n nacido. Los Dres. Christine A. Gleason y Taylor Sawyer, junto con un equipo de colaboradores expertos, cubren y actualizan exhaustivamente todas las enfermedades y condiciones cl\u00ednicas que pueden afectar a los reci\u00e9n nacidos, para mantener al lector al d\u00eda de las novedades en esta especialidad. Este \u00fanico volumen, de f\u00e1cil consulta, se centra en \u00e1reas clave de la pr\u00e1ctica, proporcionando las estrategias espec\u00edficas necesarias para brindar los mejores cuidados a esta poblaci\u00f3n de pacientes.<\/p>\t\t\t\t\t\t\t\t<\/div>\n\t\t\t\t<\/div>\n\t\t\t\t\t<\/div>\n\t\t\t\t<\/div>\n\t\t\t\t<\/div>\n\t\t","protected":false},"excerpt":{"rendered":"<p><strong>Autores:<\/strong>\u00a0Taylor Sawyer &amp; Christine A. Gleason<br \/>\n<strong>ISBN:<\/strong>\u00a09788413826837<br \/>\n<strong>Editorial:<\/strong>\u00a0Elsevier<br \/>\n<strong>Edici\u00f3n:<\/strong>\u00a011\u00aa<br \/>\n<strong>Especialidad<\/strong>:\u00a0Pediatr\u00eda y Neonatolog\u00eda<br \/>\n<strong>P\u00e1ginas<\/strong>:\u00a01488<br \/>\n\u00a9 2024<\/p>\n","protected":false},"featured_media":10072,"comment_status":"open","ping_status":"open","template":"","meta":{"_joinchat":[]},"product_cat":[130],"product_tag":[240,85,131],"class_list":{"0":"post-10071","1":"product","2":"type-product","3":"status-publish","4":"has-post-thumbnail","6":"product_cat-pediatria-y-neonatologia","7":"product_tag-240","8":"product_tag-elsevier","9":"product_tag-pediatria-y-neonatologia","11":"first","12":"instock","13":"featured","14":"taxable","15":"shipping-taxable","16":"purchasable","17":"product-type-simple"},"_links":{"self":[{"href":"https:\/\/edimeinter.com\/libreria\/wp-json\/wp\/v2\/product\/10071","targetHints":{"allow":["GET"]}}],"collection":[{"href":"https:\/\/edimeinter.com\/libreria\/wp-json\/wp\/v2\/product"}],"about":[{"href":"https:\/\/edimeinter.com\/libreria\/wp-json\/wp\/v2\/types\/product"}],"replies":[{"embeddable":true,"href":"https:\/\/edimeinter.com\/libreria\/wp-json\/wp\/v2\/comments?post=10071"}],"version-history":[{"count":1,"href":"https:\/\/edimeinter.com\/libreria\/wp-json\/wp\/v2\/product\/10071\/revisions"}],"predecessor-version":[{"id":14933,"href":"https:\/\/edimeinter.com\/libreria\/wp-json\/wp\/v2\/product\/10071\/revisions\/14933"}],"wp:featuredmedia":[{"embeddable":true,"href":"https:\/\/edimeinter.com\/libreria\/wp-json\/wp\/v2\/media\/10072"}],"wp:attachment":[{"href":"https:\/\/edimeinter.com\/libreria\/wp-json\/wp\/v2\/media?parent=10071"}],"wp:term":[{"taxonomy":"product_cat","embeddable":true,"href":"https:\/\/edimeinter.com\/libreria\/wp-json\/wp\/v2\/product_cat?post=10071"},{"taxonomy":"product_tag","embeddable":true,"href":"https:\/\/edimeinter.com\/libreria\/wp-json\/wp\/v2\/product_tag?post=10071"}],"curies":[{"name":"wp","href":"https:\/\/api.w.org\/{rel}","templated":true}]}}