{"id":10279,"date":"2025-02-05T00:24:57","date_gmt":"2025-02-05T00:24:57","guid":{"rendered":"https:\/\/edimeinter.com\/libreria\/?post_type=product&#038;p=10279"},"modified":"2025-03-09T20:31:25","modified_gmt":"2025-03-09T20:31:25","slug":"netter-sistema-musculoesqueletico-integrado-1a-edicion","status":"publish","type":"product","link":"https:\/\/edimeinter.com\/libreria\/product\/netter-sistema-musculoesqueletico-integrado-1a-edicion\/","title":{"rendered":"Netter. Sistema musculoesquel\u00e9tico integrado. 1\u00aa Edici\u00f3n"},"content":{"rendered":"\t\t<div data-elementor-type=\"wp-post\" data-elementor-id=\"10279\" class=\"elementor elementor-10279\">\n\t\t\t\t<div class=\"elementor-element elementor-element-2612b12 e-flex e-con-boxed e-con e-parent\" data-id=\"2612b12\" data-element_type=\"container\" data-e-type=\"container\">\n\t\t\t\t\t<div class=\"e-con-inner\">\n\t\t\n\t\t<div class=\"elementor-element elementor-element-498707ae elementor-widget elementor-widget-text-editor\" data-id=\"498707ae\" data-element_type=\"widget\" data-e-type=\"widget\" data-widget_type=\"text-editor.default\">\n\t\t\t\t<div class=\"elementor-widget-container\">\n\t\t\t\t\t\t\t\t\t<p>Innovador libro de texto que re\u00fane los fundamentos cient\u00edficos de diversos campos, ofreciendo una s\u00f3lida base antes de profundizar en temas de creciente complejidad e importancia cl\u00ednica, todo ello ilustrado por las magn\u00edficas im\u00e1genes de la colecci\u00f3n Netter.<\/p><p>Los cap\u00edtulos iniciales presentan una visi\u00f3n general del cuerpo humano, mientras que los restantes examinan todas las facetas del sistema musculoesquel\u00e9tico, desde las lesiones que lo afectan a nivel macro- y microsc\u00f3pico hasta sus procesos de desarrollo.<\/p><p>Adopta un enfoque integrado que incluye la anatom\u00eda macrosc\u00f3pica, la fisiolog\u00eda, la bioqu\u00edmica, la neurociencia, la histolog\u00eda y otras disciplinas relevantes para alcanzar una comprensi\u00f3n \u00f3ptima del sistema musculoesquel\u00e9tico.\u00a0Est\u00e1 dise\u00f1ado para su empleo eficaz en planes de estudios integrados y transversales. Destinado a estudiantes de ciencias de la salud, ofrece lecturas concisas y cuidadosamente organizadas, y \u00e1reas de estudio diferenciadas para cada lecci\u00f3n.<\/p><p>Incluye numerosos cuadros de correlaciones cl\u00ednicas, as\u00ed como dos ap\u00e9ndices: uno con los ep\u00f3nimos m\u00e9dicos m\u00e1s habituales, y otro con las ra\u00edces griegas y latinas de la terminolog\u00eda anat\u00f3mica.<\/p>\t\t\t\t\t\t\t\t<\/div>\n\t\t\t\t<\/div>\n\t\t\t\t\t<\/div>\n\t\t\t\t<\/div>\n\t\t\t\t<\/div>\n\t\t","protected":false},"excerpt":{"rendered":"<p><strong>Autores:<\/strong>\u00a0Peter J. Ward<br \/>\n<strong>ISBN:<\/strong>\u00a09788413825540<br \/>\n<strong>Editorial:<\/strong>\u00a0Elsevier<br \/>\n<strong>Edici\u00f3n:<\/strong>\u00a01\u00aa<br \/>\n<strong>Especialidad<\/strong>: Ortopedia y Traumatolog\u00eda<br \/>\n<strong>P\u00e1ginas<\/strong>: 424<br \/>\n\u00a9 2024<\/p>\n","protected":false},"featured_media":10280,"comment_status":"open","ping_status":"open","template":"","meta":{"_joinchat":[]},"product_cat":[97],"product_tag":[240,85,98],"class_list":{"0":"post-10279","1":"product","2":"type-product","3":"status-publish","4":"has-post-thumbnail","6":"product_cat-ortopedia-y-traumatologia","7":"product_tag-240","8":"product_tag-elsevier","9":"product_tag-ortopedia-y-traumatologia","11":"first","12":"instock","13":"featured","14":"taxable","15":"shipping-taxable","16":"purchasable","17":"product-type-simple"},"_links":{"self":[{"href":"https:\/\/edimeinter.com\/libreria\/wp-json\/wp\/v2\/product\/10279","targetHints":{"allow":["GET"]}}],"collection":[{"href":"https:\/\/edimeinter.com\/libreria\/wp-json\/wp\/v2\/product"}],"about":[{"href":"https:\/\/edimeinter.com\/libreria\/wp-json\/wp\/v2\/types\/product"}],"replies":[{"embeddable":true,"href":"https:\/\/edimeinter.com\/libreria\/wp-json\/wp\/v2\/comments?post=10279"}],"version-history":[{"count":2,"href":"https:\/\/edimeinter.com\/libreria\/wp-json\/wp\/v2\/product\/10279\/revisions"}],"predecessor-version":[{"id":14967,"href":"https:\/\/edimeinter.com\/libreria\/wp-json\/wp\/v2\/product\/10279\/revisions\/14967"}],"wp:featuredmedia":[{"embeddable":true,"href":"https:\/\/edimeinter.com\/libreria\/wp-json\/wp\/v2\/media\/10280"}],"wp:attachment":[{"href":"https:\/\/edimeinter.com\/libreria\/wp-json\/wp\/v2\/media?parent=10279"}],"wp:term":[{"taxonomy":"product_cat","embeddable":true,"href":"https:\/\/edimeinter.com\/libreria\/wp-json\/wp\/v2\/product_cat?post=10279"},{"taxonomy":"product_tag","embeddable":true,"href":"https:\/\/edimeinter.com\/libreria\/wp-json\/wp\/v2\/product_tag?post=10279"}],"curies":[{"name":"wp","href":"https:\/\/api.w.org\/{rel}","templated":true}]}}