{"id":11744,"date":"2025-02-08T22:38:45","date_gmt":"2025-02-08T22:38:45","guid":{"rendered":"https:\/\/edimeinter.com\/libreria\/?post_type=product&#038;p=11744"},"modified":"2025-10-27T22:44:02","modified_gmt":"2025-10-27T22:44:02","slug":"semiologia-medica-3a-edicion","status":"publish","type":"product","link":"https:\/\/edimeinter.com\/libreria\/product\/semiologia-medica-3a-edicion\/","title":{"rendered":"Semiolog\u00eda M\u00e9dica. 3\u00aa Edici\u00f3n"},"content":{"rendered":"\t\t<div data-elementor-type=\"wp-post\" data-elementor-id=\"11744\" class=\"elementor elementor-11744\">\n\t\t\t\t<div class=\"elementor-element elementor-element-2612b12 e-flex e-con-boxed e-con e-parent\" data-id=\"2612b12\" data-element_type=\"container\" data-e-type=\"container\">\n\t\t\t\t\t<div class=\"e-con-inner\">\n\t\t\n\t\t<div class=\"elementor-element elementor-element-498707ae elementor-widget elementor-widget-text-editor\" data-id=\"498707ae\" data-element_type=\"widget\" data-e-type=\"widget\" data-widget_type=\"text-editor.default\">\n\t\t\t\t<div class=\"elementor-widget-container\">\n\t\t\t\t\t\t\t\t\t<div role=\"tabpanel\" aria-labelledby=\"ui-id-2\" aria-hidden=\"false\"><div data-style=\"accordion-style\" data-initialindex=\"0\"><p>Tras el suceso y la adopci\u00f3n de las primeras dos ediciones, avaladas por m\u00e1s de quince a\u00f1os en cientos de universidades del mundo hispanohablante, Editorial M\u00e9dica Panamericana se enorgullece en presentar la tercera edici\u00f3n de Semiolog\u00eda M\u00e9dica. Fisiopatolog\u00eda, Semiotecnia y Proped\u00e9utica. Ense\u00f1anza-aprendizaje centrada en la persona. Ampliada y con renovadas herramientas pedag\u00f3gicas, la obra conserva su enfoque original centrado en la persona \u2013no en la enfermedad y sus manifestaciones\u2013, para guiar al alumno, a partir del estudio y la correcta interpretaci\u00f3n de los s\u00edntomas y los signos, en la construcci\u00f3n y el desarrollo del razonamiento cl\u00ednico.<\/p><p>En tiempos de tecnocentrismo y en medio de la grave pandemia del SARS-CoV-2, que exige distanciamiento y ha complicado a\u00fan m\u00e1s el ejercicio profesional, y ante el avance de la telemedicina, que interpone pantallas y sistemas en la relaci\u00f3n m\u00e9dico-paciente hasta el punto de despersonalizarla, la obra jerarquiza los valores irrevocables de la Semiolog\u00eda y los ahonda: escuchar, observar, tocar, razonar, buscar hip\u00f3tesis al lado del paciente \u2013siempre, una persona \u00fanica a irrepetible\u2013 en la consulta o junto a su cama. Porque el diagn\u00f3stico es un arte y, tambi\u00e9n, una ciencia social, que debe utilizar los recursos tecnol\u00f3gicos, pero jam\u00e1s subordinarse a ellos. As\u00ed, esta tercera edici\u00f3n de Semiolog\u00eda M\u00e9dica representa un aporte imprescindible y urgente, en busca de una medicina cada vez m\u00e1s humana.<\/p><\/div><\/div>\t\t\t\t\t\t\t\t<\/div>\n\t\t\t\t<\/div>\n\t\t\t\t\t<\/div>\n\t\t\t\t<\/div>\n\t\t\t\t<\/div>\n\t\t","protected":false},"excerpt":{"rendered":"<p><strong>Autores:<\/strong>\u00a0Horacio Argente, Marcelo E. \u00c1lvarez<br \/>\n<strong>ISBN:<\/strong>\u00a09789500696616<br \/>\n<strong>Editorial:<\/strong>\u00a0Panamericana<br \/>\n<strong>Edici\u00f3n:<\/strong>\u00a03\u00aa<br \/>\n<strong>Especialidad<\/strong>: Semiolog\u00eda<br \/>\n<strong>P\u00e1ginas:\u00a0<\/strong>1760<br \/>\n\u00a9 2021<\/p>\n","protected":false},"featured_media":11745,"comment_status":"open","ping_status":"closed","template":"","meta":{"_joinchat":[]},"product_cat":[158],"product_tag":[70,159],"class_list":{"0":"post-11744","1":"product","2":"type-product","3":"status-publish","4":"has-post-thumbnail","6":"product_cat-semiologia","7":"product_tag-panamericana","8":"product_tag-semiologia","10":"first","11":"outofstock","12":"featured","13":"taxable","14":"shipping-taxable","15":"purchasable","16":"product-type-simple"},"_links":{"self":[{"href":"https:\/\/edimeinter.com\/libreria\/wp-json\/wp\/v2\/product\/11744","targetHints":{"allow":["GET"]}}],"collection":[{"href":"https:\/\/edimeinter.com\/libreria\/wp-json\/wp\/v2\/product"}],"about":[{"href":"https:\/\/edimeinter.com\/libreria\/wp-json\/wp\/v2\/types\/product"}],"replies":[{"embeddable":true,"href":"https:\/\/edimeinter.com\/libreria\/wp-json\/wp\/v2\/comments?post=11744"}],"version-history":[{"count":1,"href":"https:\/\/edimeinter.com\/libreria\/wp-json\/wp\/v2\/product\/11744\/revisions"}],"predecessor-version":[{"id":15254,"href":"https:\/\/edimeinter.com\/libreria\/wp-json\/wp\/v2\/product\/11744\/revisions\/15254"}],"wp:featuredmedia":[{"embeddable":true,"href":"https:\/\/edimeinter.com\/libreria\/wp-json\/wp\/v2\/media\/11745"}],"wp:attachment":[{"href":"https:\/\/edimeinter.com\/libreria\/wp-json\/wp\/v2\/media?parent=11744"}],"wp:term":[{"taxonomy":"product_cat","embeddable":true,"href":"https:\/\/edimeinter.com\/libreria\/wp-json\/wp\/v2\/product_cat?post=11744"},{"taxonomy":"product_tag","embeddable":true,"href":"https:\/\/edimeinter.com\/libreria\/wp-json\/wp\/v2\/product_tag?post=11744"}],"curies":[{"name":"wp","href":"https:\/\/api.w.org\/{rel}","templated":true}]}}