{"id":12599,"date":"2025-02-12T19:16:17","date_gmt":"2025-02-12T19:16:17","guid":{"rendered":"https:\/\/edimeinter.com\/libreria\/?post_type=product&#038;p=12599"},"modified":"2025-03-04T19:54:22","modified_gmt":"2025-03-04T19:54:22","slug":"cuaderno-de-histologia-para-colorear-1a-edicion","status":"publish","type":"product","link":"https:\/\/edimeinter.com\/libreria\/product\/cuaderno-de-histologia-para-colorear-1a-edicion\/","title":{"rendered":"Cuaderno de histolog\u00eda para colorear. 1\u00aa Edici\u00f3n"},"content":{"rendered":"\t\t<div data-elementor-type=\"wp-post\" data-elementor-id=\"12599\" class=\"elementor elementor-12599\">\n\t\t\t\t<div class=\"elementor-element elementor-element-2612b12 e-flex e-con-boxed e-con e-parent\" data-id=\"2612b12\" data-element_type=\"container\" data-e-type=\"container\">\n\t\t\t\t\t<div class=\"e-con-inner\">\n\t\t\n\t\t<div class=\"elementor-element elementor-element-498707ae elementor-widget elementor-widget-text-editor\" data-id=\"498707ae\" data-element_type=\"widget\" data-e-type=\"widget\" data-widget_type=\"text-editor.default\">\n\t\t\t\t<div class=\"elementor-widget-container\">\n\t\t\t\t\t\t\t\t\t<p class=\"Text\">Nuevo t\u00edtulo en el \u00e1rea de histolog\u00eda de la mano del DR. Rub\u00e9n Garc\u00eda Garza, reputado profesor, m\u00e9dico cirujano e investigador en el \u00e1rea de histolog\u00eda en la Univ. Aut\u00f3noma de Coahuila (M\u00e9xico).<br \/>Se presenta un contenido de aprendizaje basado en la actividad de colorear, lo que es muy adecuado en una asignatura con tanta carga visual como el la histolog\u00eda.<\/p>\t\t\t\t\t\t\t\t<\/div>\n\t\t\t\t<\/div>\n\t\t\t\t\t<\/div>\n\t\t\t\t<\/div>\n\t\t\t\t<\/div>\n\t\t","protected":false},"excerpt":{"rendered":"<p><strong>Autores:<\/strong>\u00a0Rub\u00e9n Garc\u00eda Garza<br \/>\n<strong>ISBN:<\/strong>\u00a09788413823805<br \/>\n<strong>Editorial:<\/strong>\u00a0Elsevier<br \/>\n<strong>Edici\u00f3n:<\/strong>\u00a01\u00aa<br \/>\n<strong>Especialidad<\/strong>: Histolog\u00eda<br \/>\n<strong>P\u00e1ginas<\/strong>: 280<br \/>\n\u00a9 2023<\/p>\n","protected":false},"featured_media":12600,"comment_status":"open","ping_status":"open","template":"","meta":{"_joinchat":[]},"product_cat":[154],"product_tag":[85,155],"class_list":{"0":"post-12599","1":"product","2":"type-product","3":"status-publish","4":"has-post-thumbnail","6":"product_cat-histologia","7":"product_tag-elsevier","8":"product_tag-histologia","10":"first","11":"instock","12":"featured","13":"taxable","14":"shipping-taxable","15":"purchasable","16":"product-type-simple"},"_links":{"self":[{"href":"https:\/\/edimeinter.com\/libreria\/wp-json\/wp\/v2\/product\/12599","targetHints":{"allow":["GET"]}}],"collection":[{"href":"https:\/\/edimeinter.com\/libreria\/wp-json\/wp\/v2\/product"}],"about":[{"href":"https:\/\/edimeinter.com\/libreria\/wp-json\/wp\/v2\/types\/product"}],"replies":[{"embeddable":true,"href":"https:\/\/edimeinter.com\/libreria\/wp-json\/wp\/v2\/comments?post=12599"}],"version-history":[{"count":1,"href":"https:\/\/edimeinter.com\/libreria\/wp-json\/wp\/v2\/product\/12599\/revisions"}],"predecessor-version":[{"id":15434,"href":"https:\/\/edimeinter.com\/libreria\/wp-json\/wp\/v2\/product\/12599\/revisions\/15434"}],"wp:featuredmedia":[{"embeddable":true,"href":"https:\/\/edimeinter.com\/libreria\/wp-json\/wp\/v2\/media\/12600"}],"wp:attachment":[{"href":"https:\/\/edimeinter.com\/libreria\/wp-json\/wp\/v2\/media?parent=12599"}],"wp:term":[{"taxonomy":"product_cat","embeddable":true,"href":"https:\/\/edimeinter.com\/libreria\/wp-json\/wp\/v2\/product_cat?post=12599"},{"taxonomy":"product_tag","embeddable":true,"href":"https:\/\/edimeinter.com\/libreria\/wp-json\/wp\/v2\/product_tag?post=12599"}],"curies":[{"name":"wp","href":"https:\/\/api.w.org\/{rel}","templated":true}]}}