{"id":12751,"date":"2025-02-12T22:37:28","date_gmt":"2025-02-12T22:37:28","guid":{"rendered":"https:\/\/edimeinter.com\/libreria\/?post_type=product&#038;p=12751"},"modified":"2026-04-23T21:17:02","modified_gmt":"2026-04-23T21:17:02","slug":"anatomia-humana-2-tomos-incluye-version-digital-5a-edicion","status":"publish","type":"product","link":"https:\/\/edimeinter.com\/libreria\/product\/anatomia-humana-2-tomos-incluye-version-digital-5a-edicion\/","title":{"rendered":"Anatom\u00eda Humana. 2 Tomos. (Incluye versi\u00f3n digital). 5\u00aa Edici\u00f3n"},"content":{"rendered":"\t\t<div data-elementor-type=\"wp-post\" data-elementor-id=\"12751\" class=\"elementor elementor-12751\">\n\t\t\t\t<div class=\"elementor-element elementor-element-2612b12 e-flex e-con-boxed e-con e-parent\" data-id=\"2612b12\" data-element_type=\"container\" data-e-type=\"container\">\n\t\t\t\t\t<div class=\"e-con-inner\">\n\t\t\n\t\t<div class=\"elementor-element elementor-element-498707ae elementor-widget elementor-widget-text-editor\" data-id=\"498707ae\" data-element_type=\"widget\" data-e-type=\"widget\" data-widget_type=\"text-editor.default\">\n\t\t\t\t<div class=\"elementor-widget-container\">\n\t\t\t\t\t\t\t\t\t<p>Hace 35 a\u00f1os nac\u00eda la 1.\u00aa edici\u00f3n de esta joya de la anatom\u00eda y, desde entonces, ha ocupado un sitio muy especial en la biblioteca de un sinn\u00famero de anatomistas de todo el mundo. A lo largo de estos a\u00f1os, se han necesitado tres nuevas ediciones y varias reimpresiones hasta llegar hoy a esta 5.\u00aa edici\u00f3n. Al analizar los cambios realizados en cada nueva versi\u00f3n, salta inmediatamente a la vista el inter\u00e9s de los autores en lograr que su texto sea cada vez m\u00e1s did\u00e1ctico, ameno para el lector y f\u00e1cil de entender, aun para los que se inician en el estudio de la anatom\u00eda. Esto lo ha situado como uno de los libros de anatom\u00eda m\u00e1s recomendados en numerosas universidades alrededor del mundo.<\/p><p>La nueva edici\u00f3n contempla diversas mejoras dignas de resaltar. El libro mantiene la estructura de las \u00faltimas ediciones, que de forma ordenada y f\u00e1cil de entender, le permite al lector ubicar los temas de su inter\u00e9s en los diferentes cap\u00edtulos. Los autores han hecho un gran esfuerzo para actualizar los t\u00e9rminos y conceptos anat\u00f3micos de acuerdo con la<\/p><p>Terminolog\u00eda Anat\u00f3mica Internacional vigente, revisada y aprobada en los \u00faltimos a\u00f1os por el Programa Federal Internacional para Terminolog\u00eda Anat\u00f3mica (FIPAT) y la Federaci\u00f3n Internacional de Asociaciones de Anatomistas (IFAA). Este \u00faltimo aspecto en la actualizaci\u00f3n de la terminolog\u00eda pone al libro a la par de cualquier otra obra sobre el tema y estoy seguro de que ser\u00e1 bien acogido por todos los profesores de la disciplina que utilicen esta nueva edici\u00f3n.<\/p><p>Si bien se han actualizado todos los cap\u00edtulos, cabe destacar especialmente el de Neuroanatom\u00eda, que ha sido ampliado y renovado de acuerdo con los avances producidos en los \u00faltimos a\u00f1os, lo que le permitir\u00e1 al estudiante comprender mejor ese aspecto tan complejo de la anatom\u00eda.<\/p><p>Se han incorporado tambi\u00e9n cuadros sin\u00f3pticos muy f\u00e1ciles de localizar, que sin duda facilitar\u00e1n la comprensi\u00f3n y el aprendizaje de los contenidos, y se han mejorado algunas ilustraciones que enriquecen a\u00fan m\u00e1s el importante acervo iconogr\u00e1fico que ya ten\u00edan las ediciones anteriores.<\/p><p>Asimismo, se destacan las valiosas mejoras en la se\u00f1alizaci\u00f3n de los m\u00e9todos de diagn\u00f3stico por im\u00e1genes, utilizando un formato que simplifica el reconocimiento y la identificaci\u00f3n de las estructuras anat\u00f3micas.<\/p>\t\t\t\t\t\t\t\t<\/div>\n\t\t\t\t<\/div>\n\t\t\t\t\t<\/div>\n\t\t\t\t<\/div>\n\t\t\t\t<\/div>\n\t\t","protected":false},"excerpt":{"rendered":"<p><strong>Autores:<\/strong>\u00a0Eduardo Pr\u00f3, Michel Latarjet (\u2020), Alfredo Ruiz Liard<br \/>\n<strong>ISBN:<\/strong>\u00a09789500695848<br \/>\n<strong>Editorial:<\/strong>\u00a0Panamericana<br \/>\n<strong>Edici\u00f3n:<\/strong>\u00a05\u00aa<br \/>\n<strong>Especialidad<\/strong>: Anatom\u00eda<br \/>\n<strong>P\u00e1ginas:\u00a0<\/strong>860<br \/>\n\u00a9 2019<\/p>\n","protected":false},"featured_media":12752,"comment_status":"open","ping_status":"closed","template":"","meta":{"_joinchat":[]},"product_cat":[100],"product_tag":[101,70],"class_list":{"0":"post-12751","1":"product","2":"type-product","3":"status-publish","4":"has-post-thumbnail","6":"product_cat-anatomia","7":"product_tag-anatomia","8":"product_tag-panamericana","10":"first","11":"instock","12":"featured","13":"taxable","14":"shipping-taxable","15":"purchasable","16":"product-type-simple"},"_links":{"self":[{"href":"https:\/\/edimeinter.com\/libreria\/wp-json\/wp\/v2\/product\/12751","targetHints":{"allow":["GET"]}}],"collection":[{"href":"https:\/\/edimeinter.com\/libreria\/wp-json\/wp\/v2\/product"}],"about":[{"href":"https:\/\/edimeinter.com\/libreria\/wp-json\/wp\/v2\/types\/product"}],"replies":[{"embeddable":true,"href":"https:\/\/edimeinter.com\/libreria\/wp-json\/wp\/v2\/comments?post=12751"}],"version-history":[{"count":2,"href":"https:\/\/edimeinter.com\/libreria\/wp-json\/wp\/v2\/product\/12751\/revisions"}],"predecessor-version":[{"id":18010,"href":"https:\/\/edimeinter.com\/libreria\/wp-json\/wp\/v2\/product\/12751\/revisions\/18010"}],"wp:featuredmedia":[{"embeddable":true,"href":"https:\/\/edimeinter.com\/libreria\/wp-json\/wp\/v2\/media\/12752"}],"wp:attachment":[{"href":"https:\/\/edimeinter.com\/libreria\/wp-json\/wp\/v2\/media?parent=12751"}],"wp:term":[{"taxonomy":"product_cat","embeddable":true,"href":"https:\/\/edimeinter.com\/libreria\/wp-json\/wp\/v2\/product_cat?post=12751"},{"taxonomy":"product_tag","embeddable":true,"href":"https:\/\/edimeinter.com\/libreria\/wp-json\/wp\/v2\/product_tag?post=12751"}],"curies":[{"name":"wp","href":"https:\/\/api.w.org\/{rel}","templated":true}]}}