{"id":13814,"date":"2025-02-20T23:12:34","date_gmt":"2025-02-20T23:12:34","guid":{"rendered":"https:\/\/edimeinter.com\/libreria\/?post_type=product&#038;p=13814"},"modified":"2025-07-23T20:02:27","modified_gmt":"2025-07-23T20:02:27","slug":"krause-mahan-dietoterapia-15a-edicion","status":"publish","type":"product","link":"https:\/\/edimeinter.com\/libreria\/product\/krause-mahan-dietoterapia-15a-edicion\/","title":{"rendered":"Krause. Mahan. Dietoterapia. 15\u00aa Edici\u00f3n"},"content":{"rendered":"\t\t<div data-elementor-type=\"wp-post\" data-elementor-id=\"13814\" class=\"elementor elementor-13814\">\n\t\t\t\t<div class=\"elementor-element elementor-element-2612b12 e-flex e-con-boxed e-con e-parent\" data-id=\"2612b12\" data-element_type=\"container\" data-e-type=\"container\">\n\t\t\t\t\t<div class=\"e-con-inner\">\n\t\t\n\t\t<div class=\"elementor-element elementor-element-498707ae elementor-widget elementor-widget-text-editor\" data-id=\"498707ae\" data-element_type=\"widget\" data-e-type=\"widget\" data-widget_type=\"text-editor.default\">\n\t\t\t\t<div class=\"elementor-widget-container\">\n\t\t\t\t\t\t\t\t\t<p>Nueva edici\u00f3n del texto de referencia en el campo de la Nutrici\u00f3n y Diet\u00e9tica desde hace m\u00e1s de\u00a0medio siglo que se ajusta a las m\u00e1s actualizadas pautas de pr\u00e1ctica basada en la evidencia.<\/p><p align=\"left\">Las principales novedades de la edici\u00f3n comprenden abordajes sobre nutrici\u00f3n integral,\u00a0una secci\u00f3n ampliada sobre embarazo y lactancia, nuevos ap\u00e9ndices sobre la colina, la\u00a0biotina y la dieta mediterr\u00e1nea y todos los cap\u00edtulos se han actualizado prestando\u00a0consideraci\u00f3n a la diversidad cultural.<\/p><p align=\"left\">La obra aborda todos los componentes del proceso de atenci\u00f3n nutricional, con objeto de\u00a0pontencia y mejorar el bienestar nutricional de las personas, las familias o las poblaciones.<\/p><p align=\"left\">Texto sobre nutrici\u00f3n de cobertura m\u00e1s amplia, que es la referencia que los estudiantes\u00a0usan durante sus per\u00edodos de formaci\u00f3n especializada y en el curso de su actividad\u00a0profesional.<\/p>\t\t\t\t\t\t\t\t<\/div>\n\t\t\t\t<\/div>\n\t\t\t\t\t<\/div>\n\t\t\t\t<\/div>\n\t\t\t\t<\/div>\n\t\t","protected":false},"excerpt":{"rendered":"<p><strong>Autores:<\/strong>\u00a0Janice L Raymond &amp; Kelly Morrow<br \/>\n<strong>ISBN:<\/strong>\u00a09788491139379<br \/>\n<strong>Editorial:<\/strong>\u00a0Elsevier<br \/>\n<strong>Edici\u00f3n:<\/strong>\u00a015\u00aa<br \/>\n<strong>Especialidad<\/strong>: Nutrici\u00f3n y Dietoterapia<br \/>\n<strong>P\u00e1ginas<\/strong>: 1216<br \/>\n\u00a9 2021<\/p>\n","protected":false},"featured_media":13815,"comment_status":"open","ping_status":"closed","template":"","meta":{"_joinchat":[]},"product_cat":[106],"product_tag":[85,107],"class_list":{"0":"post-13814","1":"product","2":"type-product","3":"status-publish","4":"has-post-thumbnail","6":"product_cat-nutricion-y-dietoterapia","7":"product_tag-elsevier","8":"product_tag-nutricion-y-dietoterapia","10":"first","11":"instock","12":"featured","13":"taxable","14":"shipping-taxable","15":"purchasable","16":"product-type-simple"},"_links":{"self":[{"href":"https:\/\/edimeinter.com\/libreria\/wp-json\/wp\/v2\/product\/13814","targetHints":{"allow":["GET"]}}],"collection":[{"href":"https:\/\/edimeinter.com\/libreria\/wp-json\/wp\/v2\/product"}],"about":[{"href":"https:\/\/edimeinter.com\/libreria\/wp-json\/wp\/v2\/types\/product"}],"replies":[{"embeddable":true,"href":"https:\/\/edimeinter.com\/libreria\/wp-json\/wp\/v2\/comments?post=13814"}],"version-history":[{"count":3,"href":"https:\/\/edimeinter.com\/libreria\/wp-json\/wp\/v2\/product\/13814\/revisions"}],"predecessor-version":[{"id":16893,"href":"https:\/\/edimeinter.com\/libreria\/wp-json\/wp\/v2\/product\/13814\/revisions\/16893"}],"wp:featuredmedia":[{"embeddable":true,"href":"https:\/\/edimeinter.com\/libreria\/wp-json\/wp\/v2\/media\/13815"}],"wp:attachment":[{"href":"https:\/\/edimeinter.com\/libreria\/wp-json\/wp\/v2\/media?parent=13814"}],"wp:term":[{"taxonomy":"product_cat","embeddable":true,"href":"https:\/\/edimeinter.com\/libreria\/wp-json\/wp\/v2\/product_cat?post=13814"},{"taxonomy":"product_tag","embeddable":true,"href":"https:\/\/edimeinter.com\/libreria\/wp-json\/wp\/v2\/product_tag?post=13814"}],"curies":[{"name":"wp","href":"https:\/\/api.w.org\/{rel}","templated":true}]}}