{"id":14357,"date":"2025-02-23T20:58:39","date_gmt":"2025-02-23T20:58:39","guid":{"rendered":"https:\/\/edimeinter.com\/libreria\/?post_type=product&#038;p=14357"},"modified":"2025-03-12T16:46:28","modified_gmt":"2025-03-12T16:46:28","slug":"nelson-tratado-de-pediatria-21a-edicion","status":"publish","type":"product","link":"https:\/\/edimeinter.com\/libreria\/product\/nelson-tratado-de-pediatria-21a-edicion\/","title":{"rendered":"Nelson. Tratado de pediatr\u00eda. 21\u00aa Edici\u00f3n"},"content":{"rendered":"\t\t<div data-elementor-type=\"wp-post\" data-elementor-id=\"14357\" class=\"elementor elementor-14357\">\n\t\t\t\t<div class=\"elementor-element elementor-element-2612b12 e-flex e-con-boxed e-con e-parent\" data-id=\"2612b12\" data-element_type=\"container\" data-e-type=\"container\">\n\t\t\t\t\t<div class=\"e-con-inner\">\n\t\t\n\t\t<div class=\"elementor-element elementor-element-498707ae elementor-widget elementor-widget-text-editor\" data-id=\"498707ae\" data-element_type=\"widget\" data-e-type=\"widget\" data-widget_type=\"text-editor.default\">\n\t\t\t\t<div class=\"elementor-widget-container\">\n\t\t\t\t\t\t\t\t\t<p>La 21.\u00aa edici\u00f3n de Nelson. Tratado de pediatr\u00eda mantiene la tradici\u00f3n de ser una fuente de informaci\u00f3n esencial para pediatras generalistas y subespecialistas a la hora de diagnosticar y tratar a los ni\u00f1os y adolescentes de todo el mundo. As\u00ed proporciona contenidos exhaustivos y actualizados que permiten a los especialistas conocer los avances m\u00e1s recientes de esta especialidad.<\/p><p>Esta nueva edici\u00f3n se ha revisado actualizado y elaborado minuciosamente para incluir los grandes avances en la asistencia cl\u00ednica derivados de las investigaciones b\u00e1sicas cl\u00ednicas y basadas en poblaciones. As\u00ed se abarcan tanto los nuevos avances cient\u00edficos como las pr\u00e1cticas pedi\u00e1tricas m\u00e1s consolidadas a nivel internacional.<\/p><p>Esta edici\u00f3n se ha organizado respecto a la anterior incorporando muchas m\u00e1s patolog\u00edas m\u00e1s de 70 cap\u00edtulos nuevos y ampliando considerablemente otros. Igualmente se han a\u00f1adido numerosas tablas fotograf\u00edas pruebas de imagen e ilustraciones nuevas as\u00ed como referencias bibliogr\u00e1ficas actualizadas.<\/p><p>Los editores siguen apostando por un enfoque pr\u00e1ctico en el que se recogen los distintos elementos presentes en la asistencia pedi\u00e1trica y que van desde los protocolos de diagn\u00f3stico y tratamiento hasta las nuevas tecnolog\u00edas pasando por el amplio abanico de cuestiones psicol\u00f3gicas pasando por el amplio abanico de cuestiones biol\u00f3gicas psicol\u00f3gicas y sociales que afectan a los ni\u00f1os de hoy en d\u00eda. Todo ello presentado en un tratado de dos vol\u00famenes dirigido a pediatras estudiantes de Medicina m\u00e9dicos de familia y otros profesionales que intervienen en la salud pedi\u00e1trica.<\/p>\t\t\t\t\t\t\t\t<\/div>\n\t\t\t\t<\/div>\n\t\t\t\t\t<\/div>\n\t\t\t\t<\/div>\n\t\t\t\t<\/div>\n\t\t","protected":false},"excerpt":{"rendered":"<p><strong>Autores:<\/strong>\u00a0Robert M. Kliegman &amp; Joseph St. Geme &amp; Nathan Blum &amp; Samir S. Shah &amp; Robert C. Tasker<br \/>\n<strong>ISBN:<\/strong>\u00a09788491136842<br \/>\n<strong>Editorial:<\/strong>\u00a0Elsevier<br \/>\n<strong>Edici\u00f3n:<\/strong>\u00a021\u00aa<br \/>\n<strong>Especialidad<\/strong>: Pediatr\u00eda<br \/>\n<strong>P\u00e1ginas<\/strong>: 4336<br \/>\n\u00a9 2020<\/p>\n","protected":false},"featured_media":14358,"comment_status":"open","ping_status":"open","template":"","meta":{"_joinchat":[]},"product_cat":[130],"product_tag":[85,131],"class_list":{"0":"post-14357","1":"product","2":"type-product","3":"status-publish","4":"has-post-thumbnail","6":"product_cat-pediatria-y-neonatologia","7":"product_tag-elsevier","8":"product_tag-pediatria-y-neonatologia","10":"first","11":"outofstock","12":"featured","13":"taxable","14":"shipping-taxable","15":"purchasable","16":"product-type-simple"},"_links":{"self":[{"href":"https:\/\/edimeinter.com\/libreria\/wp-json\/wp\/v2\/product\/14357","targetHints":{"allow":["GET"]}}],"collection":[{"href":"https:\/\/edimeinter.com\/libreria\/wp-json\/wp\/v2\/product"}],"about":[{"href":"https:\/\/edimeinter.com\/libreria\/wp-json\/wp\/v2\/types\/product"}],"replies":[{"embeddable":true,"href":"https:\/\/edimeinter.com\/libreria\/wp-json\/wp\/v2\/comments?post=14357"}],"version-history":[{"count":5,"href":"https:\/\/edimeinter.com\/libreria\/wp-json\/wp\/v2\/product\/14357\/revisions"}],"predecessor-version":[{"id":15299,"href":"https:\/\/edimeinter.com\/libreria\/wp-json\/wp\/v2\/product\/14357\/revisions\/15299"}],"wp:featuredmedia":[{"embeddable":true,"href":"https:\/\/edimeinter.com\/libreria\/wp-json\/wp\/v2\/media\/14358"}],"wp:attachment":[{"href":"https:\/\/edimeinter.com\/libreria\/wp-json\/wp\/v2\/media?parent=14357"}],"wp:term":[{"taxonomy":"product_cat","embeddable":true,"href":"https:\/\/edimeinter.com\/libreria\/wp-json\/wp\/v2\/product_cat?post=14357"},{"taxonomy":"product_tag","embeddable":true,"href":"https:\/\/edimeinter.com\/libreria\/wp-json\/wp\/v2\/product_tag?post=14357"}],"curies":[{"name":"wp","href":"https:\/\/api.w.org\/{rel}","templated":true}]}}