{"id":15712,"date":"2025-03-05T22:00:02","date_gmt":"2025-03-05T22:00:02","guid":{"rendered":"https:\/\/edimeinter.com\/libreria\/?post_type=product&#038;p=15712"},"modified":"2025-03-26T23:22:07","modified_gmt":"2025-03-26T23:22:07","slug":"neurodesarrollo-en-neonatologia-graciela-basso-intervencion-ultratemprana-en-la-unidad-de-cuidados-intensivos-neonatales","status":"publish","type":"product","link":"https:\/\/edimeinter.com\/libreria\/product\/neurodesarrollo-en-neonatologia-graciela-basso-intervencion-ultratemprana-en-la-unidad-de-cuidados-intensivos-neonatales\/","title":{"rendered":"Neurodesarrollo en Neonatolog\u00eda \u2013 Graciela Basso. Intervenci\u00f3n ultratemprana en la Unidad de Cuidados Intensivos Neonatales. 1\u00aa Edici\u00f3n"},"content":{"rendered":"\t\t<div data-elementor-type=\"wp-post\" data-elementor-id=\"15712\" class=\"elementor elementor-15712\">\n\t\t\t\t<div class=\"elementor-element elementor-element-2612b12 e-flex e-con-boxed e-con e-parent\" data-id=\"2612b12\" data-element_type=\"container\" data-e-type=\"container\">\n\t\t\t\t\t<div class=\"e-con-inner\">\n\t\t\n\t\t<div class=\"elementor-element elementor-element-498707ae elementor-widget elementor-widget-text-editor\" data-id=\"498707ae\" data-element_type=\"widget\" data-e-type=\"widget\" data-widget_type=\"text-editor.default\">\n\t\t\t\t<div class=\"elementor-widget-container\">\n\t\t\t\t\t\t\t\t\t<p>El nacimiento prematuro es el advenimiento al mundo de un organismo no pensado para la vida extrauterina, y todas las t\u00e9cnicas que promuevan un cuidado ecol\u00f3gico de este deben encararse con especial atenci\u00f3n.<br \/>Si bien este volumen se aboca, en gran parte, a esos cuidados del neurodesarrollo, se dirige tambi\u00e9n a los comienzos de la vida intrauterina y actualiza las alteraciones que estos ni\u00f1os suelen presentar en distintos \u00f3rganos claves: el sistema nervioso central, la retina, la alimentaci\u00f3n y nutrici\u00f3n, y la audici\u00f3n. No descuida la posibilidad de detectar dificultades en el neurodesarrollo mediante el examen neurol\u00f3gico y la observaci\u00f3n de los movimientos generalizados.<br \/>Tambi\u00e9n presta atenci\u00f3n al alta y al seguimiento especializado, teniendo en cuenta las necesidades \u00fanicas de esta poblaci\u00f3n, as\u00ed como ayudar a las familias a transitar los momentos de duelo, ya sea por las secuelas o por la muerte.<\/p><p>Este recorrido por la vida de un beb\u00e9 prematuro est\u00e1 escrito por profundos conocedores del tema; es un libro que se merec\u00edan los pacientes, sus familias y el equipo de salud que los acompa\u00f1a.<\/p>\t\t\t\t\t\t\t\t<\/div>\n\t\t\t\t<\/div>\n\t\t\t\t\t<\/div>\n\t\t\t\t<\/div>\n\t\t\t\t<\/div>\n\t\t","protected":false},"excerpt":{"rendered":"<p><strong>Autor:<\/strong> Autor: Graciela Basso<br \/>\n<strong>ISBN:<\/strong> 9789500694889<br \/>\n<strong>Edici\u00f3n:<\/strong> 1\u00aa<br \/>\n<strong>Especialidad:<\/strong> Pediatr\u00eda y Neonatolog\u00eda<br \/>\n<strong>P\u00e1ginas:<\/strong> 352<br \/>\n\u00a9 2016<\/p>\n","protected":false},"featured_media":15715,"comment_status":"open","ping_status":"open","template":"","meta":{"_joinchat":[]},"product_cat":[130],"product_tag":[174,70,131],"class_list":{"0":"post-15712","1":"product","2":"type-product","3":"status-publish","4":"has-post-thumbnail","6":"product_cat-pediatria-y-neonatologia","7":"product_tag-outlet","8":"product_tag-panamericana","9":"product_tag-pediatria-y-neonatologia","11":"first","12":"instock","13":"sale","14":"featured","15":"purchasable","16":"product-type-simple"},"_links":{"self":[{"href":"https:\/\/edimeinter.com\/libreria\/wp-json\/wp\/v2\/product\/15712","targetHints":{"allow":["GET"]}}],"collection":[{"href":"https:\/\/edimeinter.com\/libreria\/wp-json\/wp\/v2\/product"}],"about":[{"href":"https:\/\/edimeinter.com\/libreria\/wp-json\/wp\/v2\/types\/product"}],"replies":[{"embeddable":true,"href":"https:\/\/edimeinter.com\/libreria\/wp-json\/wp\/v2\/comments?post=15712"}],"version-history":[{"count":5,"href":"https:\/\/edimeinter.com\/libreria\/wp-json\/wp\/v2\/product\/15712\/revisions"}],"predecessor-version":[{"id":15824,"href":"https:\/\/edimeinter.com\/libreria\/wp-json\/wp\/v2\/product\/15712\/revisions\/15824"}],"wp:featuredmedia":[{"embeddable":true,"href":"https:\/\/edimeinter.com\/libreria\/wp-json\/wp\/v2\/media\/15715"}],"wp:attachment":[{"href":"https:\/\/edimeinter.com\/libreria\/wp-json\/wp\/v2\/media?parent=15712"}],"wp:term":[{"taxonomy":"product_cat","embeddable":true,"href":"https:\/\/edimeinter.com\/libreria\/wp-json\/wp\/v2\/product_cat?post=15712"},{"taxonomy":"product_tag","embeddable":true,"href":"https:\/\/edimeinter.com\/libreria\/wp-json\/wp\/v2\/product_tag?post=15712"}],"curies":[{"name":"wp","href":"https:\/\/api.w.org\/{rel}","templated":true}]}}