{"id":9658,"date":"2025-02-01T17:18:30","date_gmt":"2025-02-01T17:18:30","guid":{"rendered":"https:\/\/edimeinter.com\/libreria\/?post_type=product&#038;p=9658"},"modified":"2025-03-09T20:48:59","modified_gmt":"2025-03-09T20:48:59","slug":"vivir-mejor-con-el-dolor-cronico-1a-edicion","status":"publish","type":"product","link":"https:\/\/edimeinter.com\/libreria\/product\/vivir-mejor-con-el-dolor-cronico-1a-edicion\/","title":{"rendered":"Vivir mejor con el dolor cr\u00f3nico. 1\u00aa Edici\u00f3n"},"content":{"rendered":"\t\t<div data-elementor-type=\"wp-post\" data-elementor-id=\"9658\" class=\"elementor elementor-9658\">\n\t\t\t\t<div class=\"elementor-element elementor-element-2612b12 e-flex e-con-boxed e-con e-parent\" data-id=\"2612b12\" data-element_type=\"container\" data-e-type=\"container\">\n\t\t\t\t\t<div class=\"e-con-inner\">\n\t\t\n\t\t<div class=\"elementor-element elementor-element-498707ae elementor-widget elementor-widget-text-editor\" data-id=\"498707ae\" data-element_type=\"widget\" data-e-type=\"widget\" data-widget_type=\"text-editor.default\">\n\t\t\t\t<div class=\"elementor-widget-container\">\n\t\t\t\t\t\t\t\t\t<p>El dolor cr\u00f3nico es un problema de salud p\u00fablica de primer orden que afecta aproximadamente al 30% de la poblaci\u00f3n adulta. Muy a menudo resistente a los tratamientos farmacol\u00f3gicos, el dolor se acompa\u00f1a con frecuencia de un gran sufrimiento que perturba la vida cotidiana de quienes lo padecen. Las intervenciones psicol\u00f3gicas \u2014que no pretenden curar el dolor, sino ayudar a los pacientes a desarrollar recursos psicol\u00f3gicos para afrontarlo mejor y recuperar su calidad de vida\u2014 constituyen una parte importante de las estrategias de abordaje.<\/p>\t\t\t\t\t\t\t\t<\/div>\n\t\t\t\t<\/div>\n\t\t\t\t\t<\/div>\n\t\t\t\t<\/div>\n\t\t\t\t<\/div>\n\t\t","protected":false},"excerpt":{"rendered":"<p><strong>Autores:<\/strong>\u00a0Carolina Baeza-Velasco &amp; Catherine Bungener<br \/>\n<strong>ISBN:<\/strong>\u00a09788413826844<br \/>\n<strong>Editorial:<\/strong>\u00a0Elsevier<br \/>\n<strong>Edici\u00f3n:<\/strong>\u00a01\u00aa<br \/>\n<strong>Especialidad<\/strong>: Psicolog\u00eda<br \/>\n<strong>P\u00e1ginas<\/strong>: 272<br \/>\n\u00a9 2024<\/p>\n","protected":false},"featured_media":9663,"comment_status":"open","ping_status":"open","template":"","meta":{"_joinchat":[]},"product_cat":[88],"product_tag":[240,85,89],"class_list":{"0":"post-9658","1":"product","2":"type-product","3":"status-publish","4":"has-post-thumbnail","6":"product_cat-psicologia","7":"product_tag-240","8":"product_tag-elsevier","9":"product_tag-psicologia","11":"first","12":"instock","13":"featured","14":"taxable","15":"shipping-taxable","16":"purchasable","17":"product-type-simple"},"_links":{"self":[{"href":"https:\/\/edimeinter.com\/libreria\/wp-json\/wp\/v2\/product\/9658","targetHints":{"allow":["GET"]}}],"collection":[{"href":"https:\/\/edimeinter.com\/libreria\/wp-json\/wp\/v2\/product"}],"about":[{"href":"https:\/\/edimeinter.com\/libreria\/wp-json\/wp\/v2\/types\/product"}],"replies":[{"embeddable":true,"href":"https:\/\/edimeinter.com\/libreria\/wp-json\/wp\/v2\/comments?post=9658"}],"version-history":[{"count":1,"href":"https:\/\/edimeinter.com\/libreria\/wp-json\/wp\/v2\/product\/9658\/revisions"}],"predecessor-version":[{"id":14882,"href":"https:\/\/edimeinter.com\/libreria\/wp-json\/wp\/v2\/product\/9658\/revisions\/14882"}],"wp:featuredmedia":[{"embeddable":true,"href":"https:\/\/edimeinter.com\/libreria\/wp-json\/wp\/v2\/media\/9663"}],"wp:attachment":[{"href":"https:\/\/edimeinter.com\/libreria\/wp-json\/wp\/v2\/media?parent=9658"}],"wp:term":[{"taxonomy":"product_cat","embeddable":true,"href":"https:\/\/edimeinter.com\/libreria\/wp-json\/wp\/v2\/product_cat?post=9658"},{"taxonomy":"product_tag","embeddable":true,"href":"https:\/\/edimeinter.com\/libreria\/wp-json\/wp\/v2\/product_tag?post=9658"}],"curies":[{"name":"wp","href":"https:\/\/api.w.org\/{rel}","templated":true}]}}